{"id":86,"date":"2018-04-28T12:30:02","date_gmt":"2018-04-28T12:30:02","guid":{"rendered":"https:\/\/lovisa-paysagiste-macon.fr\/?page_id=86"},"modified":"2018-07-19T06:10:55","modified_gmt":"2018-07-19T06:10:55","slug":"paysagiste-sance","status":"publish","type":"page","link":"https:\/\/lovisa-paysagiste-macon.fr\/index.php\/paysagiste-sance\/","title":{"rendered":"Paysagiste Sanc\u00e9"},"content":{"rendered":"<figure id=\"attachment_152\" aria-describedby=\"caption-attachment-152\" style=\"width: 427px\" class=\"wp-caption alignnone\"><img loading=\"lazy\" decoding=\"async\" class=\"wp-image-152\" title=\"Paysagiste Sanc\u00e9\" src=\"https:\/\/lovisa-paysagiste-macon.fr\/wp-content\/uploads\/2018\/04\/P1660111-002-copie-300x173.jpg\" alt=\"Paysagiste Sanc\u00e9\" width=\"427\" height=\"246\" srcset=\"https:\/\/lovisa-paysagiste-macon.fr\/wp-content\/uploads\/2018\/04\/P1660111-002-copie-300x173.jpg 300w, https:\/\/lovisa-paysagiste-macon.fr\/wp-content\/uploads\/2018\/04\/P1660111-002-copie-768x442.jpg 768w, https:\/\/lovisa-paysagiste-macon.fr\/wp-content\/uploads\/2018\/04\/P1660111-002-copie-1024x590.jpg 1024w\" sizes=\"auto, (max-width: 427px) 100vw, 427px\" \/><figcaption id=\"caption-attachment-152\" class=\"wp-caption-text\">Cr\u00e9ation de massifs et installation de Broyats \u00e0 Sanc\u00e9 (BRF)<\/figcaption><\/figure>\n<p>&nbsp;<\/p>\n<p>&nbsp;<\/p>\n<p><strong>Lovisa Paysagiste Sanc\u00e9<\/strong>\u00a0 entretien votre jardin sur Sanc\u00e9, Flac\u00e9 ,Senozan et sa r\u00e9gion.\u00a0 Sp\u00e9cialiste du paysage, de l\u2019entretien de Jardin et des espaces verts\u00a0 elle vous fait b\u00e9n\u00e9ficier de son agr\u00e9ment \u00ab\u00a0service \u00e0 la personne\u00a0\u00bb qui vous permet\u00a0 d\u2019avoir droit \u00e0 un cr\u00e9dit d\u2019imp\u00f4t de 50 % sur tout la partie\u00a0 entretien ( \u2018Tontes , taille de haies , d\u00e9sherbage , tailles d\u2019arbustes , etc\u2026..)<\/p>\n<p>L\u2019entreprise <strong>Lovisa paysagiste Sanc\u00e9<\/strong> est agr\u00e9e service \u00e0 la personne \/ num\u00e9ro de dossier : N\/240511\/F\/071\/S\/030 .<\/p>\n<p>elle est \u00e9galement membre de l\u2019<strong>UNEP<\/strong> (union nationale des entreprises du paysage ) et poss\u00e8de le label \u00ab\u00a0Expert jardins\u00a0\u00bb .<\/p>\n<p>&nbsp;<\/p>\n<p>Les prestations Sont d\u00e9ductibles fiscalement sous la forme d&rsquo;une r\u00e9duction ou d&rsquo;un cr\u00e9dit d&rsquo;imp\u00f4t de 50% dans la limite d&rsquo;un plafond de 5000 \u20ac TTC de d\u00e9penses engag\u00e9es par an et par foyer fiscal, soit la possibilit\u00e9 d&rsquo;\u00e9conomiser jusqu\u2019\u00e0 2500\u20ac \/an .<\/p>\n<p>Pour tous renseignements : 06 99 00 88 41 \/ Sanc\u00e9 71000<\/p>\n<p>&nbsp;<\/p>\n<p><a href=\"https:\/\/moulins-paysagiste-macon.fr\/\"><img loading=\"lazy\" decoding=\"async\" class=\"alignnone wp-image-294 size-medium\" title=\"Paysagiste Sanc\u00e9 unep\" src=\"https:\/\/lovisa-paysagiste-macon.fr\/wp-content\/uploads\/2018\/05\/unep-300x96.png\" alt=\"Paysagiste Sanc\u00e9 unep\" width=\"300\" height=\"96\" srcset=\"https:\/\/lovisa-paysagiste-macon.fr\/wp-content\/uploads\/2018\/05\/unep-300x96.png 300w, https:\/\/lovisa-paysagiste-macon.fr\/wp-content\/uploads\/2018\/05\/unep.png 398w\" sizes=\"auto, (max-width: 300px) 100vw, 300px\" \/><\/a><\/p>\n<p>&nbsp;<\/p>\n<p><a href=\"https:\/\/lovisa-paysagiste-macon.fr\/index.php\/paysagiste-macon\/\">Paysagiste M\u00e2con <\/a><\/p>\n<p><a href=\"https:\/\/lovisa-paysagiste-macon.fr\/index.php\/paysagiste-charnay\/\">Paysagiste Charnay les M\u00e2con<\/a><\/p>\n<p><a href=\"https:\/\/lovisa-paysagiste-macon.fr\/index.php\/paysagiste-cluny\/\">Paysagiste Cluny<\/a><\/p>\n<p><a href=\"https:\/\/lovisa-paysagiste-macon.fr\/index.php\/paysagiste-prisse\/\">Paysagiste Priss\u00e9<\/a><\/p>\n<p><a href=\"https:\/\/lovisa-paysagiste-macon.fr\/index.php\/paysagiste-hurigny\/\">Paysagiste hurigny<\/a><\/p>\n<p><a href=\"https:\/\/lovisa-paysagiste-macon.fr\/index.php\/paysagiste-roche-vineuse\/\">Paysagiste Roche Vineuse<\/a><\/p>\n<p><a href=\"https:\/\/lovisa-paysagiste-macon.fr\/index.php\/paysagiste-creches-sur-saone\/\">Paysagiste Cr\u00eaches sur Sa\u00f4ne<\/a><\/p>\n<p><a href=\"https:\/\/lovisa-paysagiste-macon.fr\/index.php\/paysagiste-ige\/\">Paysagiste Ig\u00e9<\/a><\/p>\n<p><a href=\"https:\/\/lovisa-paysagiste-macon.fr\/index.php\/paysagiste-vergisson\/\">Paysagiste vergisson<\/a><\/p>\n<p><a href=\"https:\/\/lovisa-paysagiste-macon.fr\/index.php\/paysagiste-solutre\/\">Paysagiste Solutr\u00e9<\/a><\/p>\n<p><a href=\"https:\/\/lovisa-paysagiste-macon.fr\/index.php\/paysagiste-davaye\/\">Paysagiste Davay\u00e9<\/a><\/p>\n<p>&nbsp;<\/p>\n<p>&nbsp;<\/p>\n<p style=\"text-align: center;\"><a href=\"https:\/\/lovisa-paysagiste-macon.fr\/\">Accueil<\/a><\/p>\n<p>&nbsp;<\/p>\n","protected":false},"excerpt":{"rendered":"<p>&nbsp; &nbsp; Lovisa Paysagiste Sanc\u00e9\u00a0 entretien votre jardin sur Sanc\u00e9, Flac\u00e9 ,Senozan et sa r\u00e9gion.\u00a0 Sp\u00e9cialiste du paysage, de l\u2019entretien de Jardin et des espaces verts\u00a0 elle vous fait b\u00e9n\u00e9ficier de son agr\u00e9ment \u00ab\u00a0service \u00e0 la personne\u00a0\u00bb qui vous permet\u00a0 d\u2019avoir droit \u00e0 un cr\u00e9dit d\u2019imp\u00f4t de 50 % sur tout la partie\u00a0 entretien (<span class=\"read-more-wrap\"><a class=\"moretag\" href=\"https:\/\/lovisa-paysagiste-macon.fr\/index.php\/paysagiste-sance\/\">Lire la suite<span class=\"screen-reader-text\">Paysagiste Sanc\u00e9<\/span><\/a><\/span><\/p>\n","protected":false},"author":1,"featured_media":0,"parent":0,"menu_order":0,"comment_status":"closed","ping_status":"closed","template":"","meta":{"footnotes":""},"class_list":["post-86","page","type-page","status-publish","hentry"],"aioseo_notices":[],"_links":{"self":[{"href":"https:\/\/lovisa-paysagiste-macon.fr\/index.php\/wp-json\/wp\/v2\/pages\/86","targetHints":{"allow":["GET"]}}],"collection":[{"href":"https:\/\/lovisa-paysagiste-macon.fr\/index.php\/wp-json\/wp\/v2\/pages"}],"about":[{"href":"https:\/\/lovisa-paysagiste-macon.fr\/index.php\/wp-json\/wp\/v2\/types\/page"}],"author":[{"embeddable":true,"href":"https:\/\/lovisa-paysagiste-macon.fr\/index.php\/wp-json\/wp\/v2\/users\/1"}],"replies":[{"embeddable":true,"href":"https:\/\/lovisa-paysagiste-macon.fr\/index.php\/wp-json\/wp\/v2\/comments?post=86"}],"version-history":[{"count":13,"href":"https:\/\/lovisa-paysagiste-macon.fr\/index.php\/wp-json\/wp\/v2\/pages\/86\/revisions"}],"predecessor-version":[{"id":1016,"href":"https:\/\/lovisa-paysagiste-macon.fr\/index.php\/wp-json\/wp\/v2\/pages\/86\/revisions\/1016"}],"wp:attachment":[{"href":"https:\/\/lovisa-paysagiste-macon.fr\/index.php\/wp-json\/wp\/v2\/media?parent=86"}],"curies":[{"name":"wp","href":"https:\/\/api.w.org\/{rel}","templated":true}]}}